{"id":190,"date":"2023-04-11T17:09:11","date_gmt":"2023-04-11T17:09:11","guid":{"rendered":"https:\/\/ambouagadougou.esteri.it\/news\/"},"modified":"2023-07-14T07:22:33","modified_gmt":"2023-07-14T07:22:33","slug":"news","status":"publish","type":"page","link":"https:\/\/ambouagadougou.esteri.it\/fr\/news\/","title":{"rendered":"Nouvelles"},"content":{"rendered":"        <div class=\"row\">\n\t\t\t<!-- Ricerca sedi post -->\n\t\t\t<div class=\"col-12 mt-4\">\n\t\t\t  <div class=\"callout callout-highlight note ricerca-esteri p-4\">\n                    <div class=\"callout-title\">\n                        <svg class=\"icon\">\n                            <use xlink:href=\"https:\/\/ambouagadougou.esteri.it\/wp-content\/themes\/sedi-tema\/assets\/svg\/sprites.svg#it-search\"><\/use>\n                        <\/svg>Entrez vos param\u00e8tres de recherche                    <\/div>\n                    <form id=\"searchFormPost\" name=\"form-search-post\" class=\"form-row align-items-center\" action=\"https:\/\/ambouagadougou.esteri.it\/fr\/wp-json\/wp\/v2\/pages\/190\/\" method=\"GET\"> \n                        <!-- <div class=\"form-group pt-5\"> -->\n                            <!-- <input type=\"hidden\" id=\"lang\" name=\"lang\" value=\"\"> --> <!-- <\/div> -->\n\n                        <div class=\"it-datepicker-wrapper\">\n                            <div class=\"row\">\n                                <div class=\"form-group col-md-6\">\n                                    <label class=\"active\" for=\"date-init\">Du<\/label>\n                                    <input class=\"form-control\" name=\"date-init\" id=\"date-init\" type=\"date\" placeholder=\"gg\/mm\/aaaa\" value=\"\"lang=\"en-EN\">  \n                                <\/div>\n                                <div class=\"form-group col-md-6\">\n                                    <label class=\"active\" for=\"date-end\">Au<\/label>\n                                    <input class=\"form-control\" name=\"date-end\" id=\"date-end\" type=\"date\" placeholder=\"gg\/mm\/aaaa\" value=\"\">\n                                <\/div>\n                            <\/div>\n                        <\/div>\n                        <div class=\"form-group col-md-12 mt-3\">\n                            <label for=\"searchText\">Champ de recherche gratuit<\/label>\n                            <input type=\"text\" name=\"searchText\" class=\"form-control\" id=\"searchText\" value=\"\">\n                        <\/div>\n                        <div class=\"form-group col-md-4 offset-md-8 text-end\">\n                            <a href=\"https:\/\/ambouagadougou.esteri.it\/fr\/news\/\" title=\"Form reset\" id=\"resetImput\" class=\"btn btn-outline-primary btn-xs\">Reset<\/a>\n                            <button type=\"submit\" class=\"btn btn-primary btn-xs\">Montrer les r\u00e9sultats<\/button>\n                        <\/div>\n                    <\/form>\n\t\t\t\t<\/div>\n\t\t\t<\/div>\n\t\t<\/div>\n                    \n            <div class=\"row\">\n                            <div class=\"col-12 mt-3\">\n                <!--start card-->\n                <div class=\"card-wrapper card-space\">\n                    <div class=\"card card-bg card-big border-bottom-card\">\n                        <div class=\"card-body \">\n                                                        <div class=\"category-top\">\n                                                                                                            <span class=\"\">\n                                        <svg class=\"icon icon-secondary\">\n                                            <use xlink:href=\"https:\/\/ambouagadougou.esteri.it\/wp-content\/themes\/sedi-tema\/assets\/svg\/sprites.svg#it-calendar\"><\/use>\n                                        <\/svg> 25 novembre 2025                                    <\/span>\n                                                                    <\/div>\n                            <h5 class=\"card-title big-heading text-uppercase\"><a class=\"text-body text-decoration-none\" href=\"https:\/\/ambouagadougou.esteri.it\/fr\/news\/dall_ambasciata\/2025\/11\/journee-internationale-pour-lelimination-de-la-violence-a-legard-des-femmes\/\" title=\"Journ\u00e9e internationale pour l&rsquo;\u00e9limination de la violence \u00e0 l&rsquo;\u00e9gard des femmes. (25\/11\/2025)\">Journ\u00e9e internationale pour l&rsquo;\u00e9limination de la violence \u00e0 l&rsquo;\u00e9gard des femmes. (25\/11\/2025)<\/a><\/h5>\n                            <p class=\"card-text\">\u00c0 l&rsquo;occasion de la Journ\u00e9e internationale pour l&rsquo;\u00e9limination de la violence \u00e0 l&rsquo;\u00e9gard des femmes, le ministre des Affaires \u00e9trang\u00e8res et de la Coop\u00e9ration internationale, Antonio Tajani, r\u00e9affirme l&rsquo;engagement constant de l&rsquo;Italie et du minist\u00e8re des Affaires \u00e9trang\u00e8res dans la pr\u00e9vention et la lutte contre toutes les formes de violence et de discrimination \u00e0 l&rsquo;\u00e9gard [&hellip;]<\/p>\n                                <a title=\"Journ\u00e9e internationale pour l&rsquo;\u00e9limination de la violence \u00e0 l&rsquo;\u00e9gard des femmes. (25\/11\/2025)\" class=\"read-more\" href=\"https:\/\/ambouagadougou.esteri.it\/fr\/news\/dall_ambasciata\/2025\/11\/journee-internationale-pour-lelimination-de-la-violence-a-legard-des-femmes\/\">\n                                    <span class=\"text\">Lire la suite<\/span>\n                                    <svg class=\"icon\">\n                                    <use xlink:href=\"https:\/\/ambouagadougou.esteri.it\/wp-content\/themes\/sedi-tema\/assets\/svg\/sprites.svg#it-arrow-right\"><\/use>\n                                    <\/svg>\n                                <\/a>\n                                                    <\/div>\n                    <\/div>\n                <\/div>\n                <!--end card-->\n                <\/div><!-- col-12 .mt-3-->\n                            <div class=\"col-12 mt-3\">\n                <!--start card-->\n                <div class=\"card-wrapper card-space\">\n                    <div class=\"card card-bg card-big border-bottom-card\">\n                        <div class=\"card-body \">\n                                                        <div class=\"category-top\">\n                                                                                                            <span class=\"\">\n                                        <svg class=\"icon icon-secondary\">\n                                            <use xlink:href=\"https:\/\/ambouagadougou.esteri.it\/wp-content\/themes\/sedi-tema\/assets\/svg\/sprites.svg#it-calendar\"><\/use>\n                                        <\/svg> 25 juillet 2025                                    <\/span>\n                                                                    <\/div>\n                            <h5 class=\"card-title big-heading text-uppercase\"><a class=\"text-body text-decoration-none\" href=\"https:\/\/ambouagadougou.esteri.it\/fr\/news\/dall_ambasciata\/2025\/07\/bourses-detudes-a-a-2025-2026-pour-laccademia-darti-e-mestieri-dello-spettacolo-teatro-alla-scala-master-in-performing-arts-management\/\" title=\"BOURSES D&rsquo;ETUDES A.A. 2025\/2026 pour l\u2019Accademia d\u2019Arti e Mestieri dello Spettacolo Teatro alla Scala \u2013 Master in Performing Arts Management\">BOURSES D&rsquo;ETUDES A.A. 2025\/2026 pour l\u2019Accademia d\u2019Arti e Mestieri dello Spettacolo Teatro alla Scala \u2013 Master in Performing Arts Management<\/a><\/h5>\n                            <p class=\"card-text\">Bourses d&rsquo;\u00e9tudes GMPAM 2025 Bourses d&rsquo;\u00e9tudes GMPAM 2025.\u00a0 Le Minist\u00e8re des Affaires Etrang\u00e8res et de la Coop\u00e9ration Internationale (MAECI) entretient depuis de nombreuses ann\u00e9es une collaboration fructueuse avec l&rsquo;Acad\u00e9mie des Arts et M\u00e9tiers du Spectacle Teatro alla Scala, un \u00e9tablissement de formation dans le domaine du spectacle renomm\u00e9 \u00e0 l&rsquo;\u00e9chelle mondiale. Cette relation pr\u00e9voit, entre [&hellip;]<\/p>\n                                <a title=\"BOURSES D&rsquo;ETUDES A.A. 2025\/2026 pour l\u2019Accademia d\u2019Arti e Mestieri dello Spettacolo Teatro alla Scala \u2013 Master in Performing Arts Management\" class=\"read-more\" href=\"https:\/\/ambouagadougou.esteri.it\/fr\/news\/dall_ambasciata\/2025\/07\/bourses-detudes-a-a-2025-2026-pour-laccademia-darti-e-mestieri-dello-spettacolo-teatro-alla-scala-master-in-performing-arts-management\/\">\n                                    <span class=\"text\">Lire la suite<\/span>\n                                    <svg class=\"icon\">\n                                    <use xlink:href=\"https:\/\/ambouagadougou.esteri.it\/wp-content\/themes\/sedi-tema\/assets\/svg\/sprites.svg#it-arrow-right\"><\/use>\n                                    <\/svg>\n                                <\/a>\n                                                    <\/div>\n                    <\/div>\n                <\/div>\n                <!--end card-->\n                <\/div><!-- col-12 .mt-3-->\n                            <div class=\"col-12 mt-3\">\n                <!--start card-->\n                <div class=\"card-wrapper card-space\">\n                    <div class=\"card card-bg card-big border-bottom-card\">\n                        <div class=\"card-body \">\n                                                        <div class=\"category-top\">\n                                                                                                            <span class=\"\">\n                                        <svg class=\"icon icon-secondary\">\n                                            <use xlink:href=\"https:\/\/ambouagadougou.esteri.it\/wp-content\/themes\/sedi-tema\/assets\/svg\/sprites.svg#it-calendar\"><\/use>\n                                        <\/svg> 15 avril 2025                                    <\/span>\n                                                                    <\/div>\n                            <h5 class=\"card-title big-heading text-uppercase\"><a class=\"text-body text-decoration-none\" href=\"https:\/\/ambouagadougou.esteri.it\/fr\/news\/dall_ambasciata\/2025\/04\/journee-nationale-du-made-in-italy\/\" title=\"C\u00e9l\u00e9bration de la F\u00eate de la R\u00e9publique italienne \u00e0 Ouagadougou le 2 juin 2025.\">C\u00e9l\u00e9bration de la F\u00eate de la R\u00e9publique italienne \u00e0 Ouagadougou le 2 juin 2025.<\/a><\/h5>\n                            <p class=\"card-text\">L&rsquo;Ambassade d&rsquo;Italie au Burkina Faso a organis\u00e9 \u00e0 Ouagadougou la c\u00e9l\u00e9bration de la F\u00eate de la R\u00e9publique italienne le 2 juin 2025.<\/p>\n                                <a title=\"C\u00e9l\u00e9bration de la F\u00eate de la R\u00e9publique italienne \u00e0 Ouagadougou le 2 juin 2025.\" class=\"read-more\" href=\"https:\/\/ambouagadougou.esteri.it\/fr\/news\/dall_ambasciata\/2025\/04\/journee-nationale-du-made-in-italy\/\">\n                                    <span class=\"text\">Lire la suite<\/span>\n                                    <svg class=\"icon\">\n                                    <use xlink:href=\"https:\/\/ambouagadougou.esteri.it\/wp-content\/themes\/sedi-tema\/assets\/svg\/sprites.svg#it-arrow-right\"><\/use>\n                                    <\/svg>\n                                <\/a>\n                                                    <\/div>\n                    <\/div>\n                <\/div>\n                <!--end card-->\n                <\/div><!-- col-12 .mt-3-->\n                            <div class=\"col-12 mt-3\">\n                <!--start card-->\n                <div class=\"card-wrapper card-space\">\n                    <div class=\"card card-bg card-big border-bottom-card\">\n                        <div class=\"card-body \">\n                                                        <div class=\"category-top\">\n                                                                                                            <span class=\"\">\n                                        <svg class=\"icon icon-secondary\">\n                                            <use xlink:href=\"https:\/\/ambouagadougou.esteri.it\/wp-content\/themes\/sedi-tema\/assets\/svg\/sprites.svg#it-calendar\"><\/use>\n                                        <\/svg> 24 mars 2025                                    <\/span>\n                                                                    <\/div>\n                            <h5 class=\"card-title big-heading text-uppercase\"><a class=\"text-body text-decoration-none\" href=\"https:\/\/ambouagadougou.esteri.it\/fr\/news\/dall_ambasciata\/2025\/03\/bourses-detudes-pour-laccademia-darti-e-mestieri-dello-spettacolo-teatro-alla-scala\/\" title=\"C\u00e9r\u00e9monie de lancement du \u00ab Projet de renforcement des infrastructures et des services de pr\u00e9vention de l&rsquo;h\u00e9patite virale de l&rsquo;H\u00f4pital Universitaire de Bogodogo \u00e0 Ouagadougou \u00bb.\">C\u00e9r\u00e9monie de lancement du \u00ab Projet de renforcement des infrastructures et des services de pr\u00e9vention de l&rsquo;h\u00e9patite virale de l&rsquo;H\u00f4pital Universitaire de Bogodogo \u00e0 Ouagadougou \u00bb.<\/a><\/h5>\n                            <p class=\"card-text\">L&rsquo;Ambassadeur d&rsquo;Italie \u00e0 Ouagadougou, Gabriele Di Muzio, et le Ministre de la Sant\u00e9 du Burkina Faso, le Dr Robert Kargougou, ont particip\u00e9 \u00e0 la c\u00e9r\u00e9monie de lancement de cet important projet financ\u00e9 par l&rsquo;Italie pour le renforcement des infrastructures et des services de pr\u00e9vention de l&rsquo;h\u00e9patite virale \u00e0 l&rsquo;H\u00f4pital Universitaire de Bogodogo \u00e0 Ouagadougou.<\/p>\n                                <a title=\"C\u00e9r\u00e9monie de lancement du \u00ab Projet de renforcement des infrastructures et des services de pr\u00e9vention de l&rsquo;h\u00e9patite virale de l&rsquo;H\u00f4pital Universitaire de Bogodogo \u00e0 Ouagadougou \u00bb.\" class=\"read-more\" href=\"https:\/\/ambouagadougou.esteri.it\/fr\/news\/dall_ambasciata\/2025\/03\/bourses-detudes-pour-laccademia-darti-e-mestieri-dello-spettacolo-teatro-alla-scala\/\">\n                                    <span class=\"text\">Lire la suite<\/span>\n                                    <svg class=\"icon\">\n                                    <use xlink:href=\"https:\/\/ambouagadougou.esteri.it\/wp-content\/themes\/sedi-tema\/assets\/svg\/sprites.svg#it-arrow-right\"><\/use>\n                                    <\/svg>\n                                <\/a>\n                                                    <\/div>\n                    <\/div>\n                <\/div>\n                <!--end card-->\n                <\/div><!-- col-12 .mt-3-->\n                            <div class=\"col-12 mt-3\">\n                <!--start card-->\n                <div class=\"card-wrapper card-space\">\n                    <div class=\"card card-bg card-big border-bottom-card\">\n                        <div class=\"card-body \">\n                                                        <div class=\"category-top\">\n                                                                                                            <span class=\"\">\n                                        <svg class=\"icon icon-secondary\">\n                                            <use xlink:href=\"https:\/\/ambouagadougou.esteri.it\/wp-content\/themes\/sedi-tema\/assets\/svg\/sprites.svg#it-calendar\"><\/use>\n                                        <\/svg> 29 novembre 2024                                    <\/span>\n                                                                    <\/div>\n                            <h5 class=\"card-title big-heading text-uppercase\"><a class=\"text-body text-decoration-none\" href=\"https:\/\/ambouagadougou.esteri.it\/fr\/news\/dall_ambasciata\/2024\/11\/semaine-de-la-cuisine-italienne-au-burkina-faso-2024\/\" title=\"L&rsquo;Ambassade d&rsquo;Italie au Burkina Faso a organis\u00e9 sa 1\u00e8re \u00e9dition de la Semaine de la Cuisine Italienne \u00e0 Ouagadougou.\">L&rsquo;Ambassade d&rsquo;Italie au Burkina Faso a organis\u00e9 sa 1\u00e8re \u00e9dition de la Semaine de la Cuisine Italienne \u00e0 Ouagadougou.<\/a><\/h5>\n                            <p class=\"card-text\"><\/p>\n                                <a title=\"L&rsquo;Ambassade d&rsquo;Italie au Burkina Faso a organis\u00e9 sa 1\u00e8re \u00e9dition de la Semaine de la Cuisine Italienne \u00e0 Ouagadougou.\" class=\"read-more\" href=\"https:\/\/ambouagadougou.esteri.it\/fr\/news\/dall_ambasciata\/2024\/11\/semaine-de-la-cuisine-italienne-au-burkina-faso-2024\/\">\n                                    <span class=\"text\">Lire la suite<\/span>\n                                    <svg class=\"icon\">\n                                    <use xlink:href=\"https:\/\/ambouagadougou.esteri.it\/wp-content\/themes\/sedi-tema\/assets\/svg\/sprites.svg#it-arrow-right\"><\/use>\n                                    <\/svg>\n                                <\/a>\n                                                    <\/div>\n                    <\/div>\n                <\/div>\n                <!--end card-->\n                <\/div><!-- col-12 .mt-3-->\n                            <div class=\"col-12 mt-3\">\n                <!--start card-->\n                <div class=\"card-wrapper card-space\">\n                    <div class=\"card card-bg card-big border-bottom-card\">\n                        <div class=\"card-body \">\n                                                        <div class=\"category-top\">\n                                                                                                            <span class=\"\">\n                                        <svg class=\"icon icon-secondary\">\n                                            <use xlink:href=\"https:\/\/ambouagadougou.esteri.it\/wp-content\/themes\/sedi-tema\/assets\/svg\/sprites.svg#it-calendar\"><\/use>\n                                        <\/svg> 29 novembre 2024                                    <\/span>\n                                                                    <\/div>\n                            <h5 class=\"card-title big-heading text-uppercase\"><a class=\"text-body text-decoration-none\" href=\"https:\/\/ambouagadougou.esteri.it\/fr\/news\/dall_ambasciata\/2024\/11\/le-ministere-italien-des-affaires-etrangeres-et-les-ambassades-adherent-a-la-journee-internationale-pour-lelimination-de-la-violence-contre-les-femmes\/\" title=\"Le Minist\u00e8re italien des Affaires Etrang\u00e8res et les Ambassades adh\u00e8rent \u00e0 la Journ\u00e9e Internationale pour l\u2019\u00e9limination de la violence contre les femmes\">Le Minist\u00e8re italien des Affaires Etrang\u00e8res et les Ambassades adh\u00e8rent \u00e0 la Journ\u00e9e Internationale pour l\u2019\u00e9limination de la violence contre les femmes<\/a><\/h5>\n                            <p class=\"card-text\">Cette ann\u00e9e \u00e9galement, le Minist\u00e8re italien des Affaires Etrang\u00e8res et de la Coop\u00e9ration Internationale et les Ambassades adh\u00e8rent \u00e0 la campagne de mobilisation internationale \u00e0 l\u2019occasion de la Journ\u00e9e pour l\u2019\u00e9limination de la violence \u00e0 l\u2019\u00e9gard des femmes. Comme l\u2019a indiqu\u00e9 le Vice-pr\u00e9sident du Conseil et Ministre des Affaires Etrang\u00e8res et de la Coop\u00e9ration Internationale, [&hellip;]<\/p>\n                                <a title=\"Le Minist\u00e8re italien des Affaires Etrang\u00e8res et les Ambassades adh\u00e8rent \u00e0 la Journ\u00e9e Internationale pour l\u2019\u00e9limination de la violence contre les femmes\" class=\"read-more\" href=\"https:\/\/ambouagadougou.esteri.it\/fr\/news\/dall_ambasciata\/2024\/11\/le-ministere-italien-des-affaires-etrangeres-et-les-ambassades-adherent-a-la-journee-internationale-pour-lelimination-de-la-violence-contre-les-femmes\/\">\n                                    <span class=\"text\">Lire la suite<\/span>\n                                    <svg class=\"icon\">\n                                    <use xlink:href=\"https:\/\/ambouagadougou.esteri.it\/wp-content\/themes\/sedi-tema\/assets\/svg\/sprites.svg#it-arrow-right\"><\/use>\n                                    <\/svg>\n                                <\/a>\n                                                    <\/div>\n                    <\/div>\n                <\/div>\n                <!--end card-->\n                <\/div><!-- col-12 .mt-3-->\n                            <div class=\"col-12 mt-3\">\n                <!--start card-->\n                <div class=\"card-wrapper card-space\">\n                    <div class=\"card card-bg card-big border-bottom-card\">\n                        <div class=\"card-body \">\n                                                        <div class=\"category-top\">\n                                                                                                            <span class=\"\">\n                                        <svg class=\"icon icon-secondary\">\n                                            <use xlink:href=\"https:\/\/ambouagadougou.esteri.it\/wp-content\/themes\/sedi-tema\/assets\/svg\/sprites.svg#it-calendar\"><\/use>\n                                        <\/svg> 13 septembre 2024                                    <\/span>\n                                                                    <\/div>\n                            <h5 class=\"card-title big-heading text-uppercase\"><a class=\"text-body text-decoration-none\" href=\"https:\/\/ambouagadougou.esteri.it\/fr\/news\/dall_ambasciata\/2024\/09\/coup-denvoi-des-celebrations-de-la-premiere-edition-de-la-journee-du-sport-italien-dans-le-monde\/\" title=\"Coup d&rsquo;envoi des c\u00e9l\u00e9brations de la premi\u00e8re \u00e9dition de la Journ\u00e9e du sport italien dans le monde\">Coup d&rsquo;envoi des c\u00e9l\u00e9brations de la premi\u00e8re \u00e9dition de la Journ\u00e9e du sport italien dans le monde<\/a><\/h5>\n                            <p class=\"card-text\">Les c\u00e9l\u00e9brations de la premi\u00e8re \u00e9dition de la Journ\u00e9e du sport italien dans le monde, une initiative promue par le minist\u00e8re italien des Affaires \u00e9trang\u00e8res et de la Coop\u00e9ration internationale pour raconter, \u00e0 travers le sport et ses protagonistes, les excellences, les districts et les industries italiennes dans le secteur. Une occasion id\u00e9ale non seulement [&hellip;]<\/p>\n                                <a title=\"Coup d&rsquo;envoi des c\u00e9l\u00e9brations de la premi\u00e8re \u00e9dition de la Journ\u00e9e du sport italien dans le monde\" class=\"read-more\" href=\"https:\/\/ambouagadougou.esteri.it\/fr\/news\/dall_ambasciata\/2024\/09\/coup-denvoi-des-celebrations-de-la-premiere-edition-de-la-journee-du-sport-italien-dans-le-monde\/\">\n                                    <span class=\"text\">Lire la suite<\/span>\n                                    <svg class=\"icon\">\n                                    <use xlink:href=\"https:\/\/ambouagadougou.esteri.it\/wp-content\/themes\/sedi-tema\/assets\/svg\/sprites.svg#it-arrow-right\"><\/use>\n                                    <\/svg>\n                                <\/a>\n                                                    <\/div>\n                    <\/div>\n                <\/div>\n                <!--end card-->\n                <\/div><!-- col-12 .mt-3-->\n                            <div class=\"col-12 mt-3\">\n                <!--start card-->\n                <div class=\"card-wrapper card-space\">\n                    <div class=\"card card-bg card-big border-bottom-card\">\n                        <div class=\"card-body \">\n                                                        <div class=\"category-top\">\n                                                                                                            <span class=\"\">\n                                        <svg class=\"icon icon-secondary\">\n                                            <use xlink:href=\"https:\/\/ambouagadougou.esteri.it\/wp-content\/themes\/sedi-tema\/assets\/svg\/sprites.svg#it-calendar\"><\/use>\n                                        <\/svg> 7 f\u00e9vrier 2024                                    <\/span>\n                                                                    <\/div>\n                            <h5 class=\"card-title big-heading text-uppercase\"><a class=\"text-body text-decoration-none\" href=\"https:\/\/ambouagadougou.esteri.it\/fr\/news\/dall_ambasciata\/2024\/02\/avis-de-recrutement\/\" title=\"Avis de recrutement\">Avis de recrutement<\/a><\/h5>\n                            <p class=\"card-text\">On vous informe\u00a0que l&rsquo;Ambassade d&rsquo;Italie \u00e0 Ouagadougou a publi\u00e9 un avis de s\u00e9lection pour le recrutement de d&rsquo;un (1) employ\u00e9 sous contrat \u00e0 dur\u00e9e ind\u00e9termin\u00e9e pour \u00eatre affect\u00e9 aux services d&#039;\u00a0\u00bbAssistant Administratif\u00a0\u00bb. Les candidatures doivent \u00eatre d\u00e9pos\u00e9es au plus tard le 22.02.2024. &nbsp; Avviso di assunzione e domanda per 1 posto di Ass.te Amm.vo 2024 [&hellip;]<\/p>\n                                <a title=\"Avis de recrutement\" class=\"read-more\" href=\"https:\/\/ambouagadougou.esteri.it\/fr\/news\/dall_ambasciata\/2024\/02\/avis-de-recrutement\/\">\n                                    <span class=\"text\">Lire la suite<\/span>\n                                    <svg class=\"icon\">\n                                    <use xlink:href=\"https:\/\/ambouagadougou.esteri.it\/wp-content\/themes\/sedi-tema\/assets\/svg\/sprites.svg#it-arrow-right\"><\/use>\n                                    <\/svg>\n                                <\/a>\n                                                    <\/div>\n                    <\/div>\n                <\/div>\n                <!--end card-->\n                <\/div><!-- col-12 .mt-3-->\n            \n            <div class=\"col-md-12 mt-4 pb-4\">\n                <nav class=\"navigation col-md-12\" aria-label=\"Navigation\">\n                    <h2 class=\"screen-reader-text visually-hidden\">Pagination<\/h2>\n                    <div class=\"nav-links\">\n                                        <\/div>\n                <\/nav>\n            <\/div>   <!--.col-md-12 -->\n              <\/div><!--.row -->\n              \n","protected":false},"excerpt":{"rendered":"","protected":false},"author":1,"featured_media":0,"parent":0,"menu_order":8,"comment_status":"closed","ping_status":"closed","template":"","meta":{"footnotes":""},"class_list":["post-190","page","type-page","status-publish","hentry"],"_links":{"self":[{"href":"https:\/\/ambouagadougou.esteri.it\/fr\/wp-json\/wp\/v2\/pages\/190","targetHints":{"allow":["GET"]}}],"collection":[{"href":"https:\/\/ambouagadougou.esteri.it\/fr\/wp-json\/wp\/v2\/pages"}],"about":[{"href":"https:\/\/ambouagadougou.esteri.it\/fr\/wp-json\/wp\/v2\/types\/page"}],"author":[{"embeddable":true,"href":"https:\/\/ambouagadougou.esteri.it\/fr\/wp-json\/wp\/v2\/users\/1"}],"replies":[{"embeddable":true,"href":"https:\/\/ambouagadougou.esteri.it\/fr\/wp-json\/wp\/v2\/comments?post=190"}],"version-history":[{"count":1,"href":"https:\/\/ambouagadougou.esteri.it\/fr\/wp-json\/wp\/v2\/pages\/190\/revisions"}],"predecessor-version":[{"id":276,"href":"https:\/\/ambouagadougou.esteri.it\/fr\/wp-json\/wp\/v2\/pages\/190\/revisions\/276"}],"wp:attachment":[{"href":"https:\/\/ambouagadougou.esteri.it\/fr\/wp-json\/wp\/v2\/media?parent=190"}],"curies":[{"name":"wp","href":"https:\/\/api.w.org\/{rel}","templated":true}]}}